{"id":53,"date":"2016-06-14T22:01:45","date_gmt":"2016-06-14T22:01:45","guid":{"rendered":"http:\/\/test.schweess-foeoess.de\/?page_id=53"},"modified":"2019-04-15T13:14:06","modified_gmt":"2019-04-15T13:14:06","slug":"addy","status":"publish","type":"page","link":"http:\/\/test.schweess-foeoess.de\/?page_id=53","title":{"rendered":"Addy"},"content":{"rendered":"<p><strong><img fetchpriority=\"high\" decoding=\"async\" class=\"size-full wp-image-8 alignleft\" src=\"http:\/\/test.schweess-foeoess.de\/wp-content\/uploads\/2016\/06\/addy.jpg\" alt=\"addy\" width=\"250\" height=\"350\" srcset=\"http:\/\/test.schweess-foeoess.de\/wp-content\/uploads\/2016\/06\/addy.jpg 250w, http:\/\/test.schweess-foeoess.de\/wp-content\/uploads\/2016\/06\/addy-214x300.jpg 214w\" sizes=\"(max-width: 250px) 100vw, 250px\" \/><\/strong><\/p>\n<p>&nbsp;<\/p>\n<p><strong>Moderation, Rhythmus-Instrumente, Gesang<\/strong><\/p>\n<p><strong><br \/>\n<\/strong>Zusammen mit Bernd, Ingo und Werner gr\u00fcndete er im Herbst 1985 die<br \/>\nSCHWEESS &#8211; F\u00d6\u00d6SS.<br \/>\nJetzt ist er noch als einzig verbliebener &#8222;Gr\u00fcnder&#8220; in der Band aktiv.<br \/>\nAddy \u201emanagt\u201c die Band; bei ihm laufen die F\u00e4den zusammen.<\/p>\n<p>Seine Aufgabe auf der B\u00fchne:<br \/>\nDe Muul schwaade. Oder auf Hochdeutsch: Er moderiert bei den Auftritten.<br \/>\nAddy ist Vorsitzenderdes Vereins AG Schn\u00fcss D\u00fcren e.V.<br \/>\n( Verein zur F\u00f6rderung der D\u00fcrener Mundartmusik <span style=\"color: #000000;\"><a style=\"color: #000000;\" href=\"http:\/\/www.ag-schnuess.de\"> www.ag-schnuess.de<\/a><\/span> )<\/p>\n","protected":false},"excerpt":{"rendered":"<p>&nbsp; Moderation, Rhythmus-Instrumente, Gesang Zusammen mit Bernd, Ingo und Werner gr\u00fcndete er im Herbst 1985 die SCHWEESS &#8211; F\u00d6\u00d6SS. Jetzt ist er noch als einzig verbliebener &#8222;Gr\u00fcnder&#8220; in der Band aktiv. Addy \u201emanagt\u201c die Band; bei ihm laufen die F\u00e4den zusammen. Seine Aufgabe auf der B\u00fchne: De Muul schwaade. Oder auf Hochdeutsch: Er moderiert bei &hellip; <a href=\"http:\/\/test.schweess-foeoess.de\/?page_id=53\" class=\"more-link\"><span class=\"screen-reader-text\">Addy<\/span> weiterlesen <span class=\"meta-nav\">&rarr;<\/span><\/a><\/p>\n","protected":false},"author":1,"featured_media":0,"parent":42,"menu_order":0,"comment_status":"closed","ping_status":"closed","template":"","meta":{"footnotes":""},"class_list":["post-53","page","type-page","status-publish","hentry"],"_links":{"self":[{"href":"http:\/\/test.schweess-foeoess.de\/index.php?rest_route=\/wp\/v2\/pages\/53","targetHints":{"allow":["GET"]}}],"collection":[{"href":"http:\/\/test.schweess-foeoess.de\/index.php?rest_route=\/wp\/v2\/pages"}],"about":[{"href":"http:\/\/test.schweess-foeoess.de\/index.php?rest_route=\/wp\/v2\/types\/page"}],"author":[{"embeddable":true,"href":"http:\/\/test.schweess-foeoess.de\/index.php?rest_route=\/wp\/v2\/users\/1"}],"replies":[{"embeddable":true,"href":"http:\/\/test.schweess-foeoess.de\/index.php?rest_route=%2Fwp%2Fv2%2Fcomments&post=53"}],"version-history":[{"count":4,"href":"http:\/\/test.schweess-foeoess.de\/index.php?rest_route=\/wp\/v2\/pages\/53\/revisions"}],"predecessor-version":[{"id":270,"href":"http:\/\/test.schweess-foeoess.de\/index.php?rest_route=\/wp\/v2\/pages\/53\/revisions\/270"}],"up":[{"embeddable":true,"href":"http:\/\/test.schweess-foeoess.de\/index.php?rest_route=\/wp\/v2\/pages\/42"}],"wp:attachment":[{"href":"http:\/\/test.schweess-foeoess.de\/index.php?rest_route=%2Fwp%2Fv2%2Fmedia&parent=53"}],"curies":[{"name":"wp","href":"https:\/\/api.w.org\/{rel}","templated":true}]}}